{"id":17676,"date":"2025-12-02T12:54:58","date_gmt":"2025-12-02T17:54:58","guid":{"rendered":"https:\/\/dosaguas.co\/?page_id=17676"},"modified":"2026-03-03T15:44:38","modified_gmt":"2026-03-03T20:44:38","slug":"nuestros-valores","status":"publish","type":"page","link":"https:\/\/dosaguas.co\/es\/fundacion\/sobre-nosotros\/nuestros-valores","title":{"rendered":"Nuestros Valores"},"content":{"rendered":"\t\t<div data-elementor-type=\"wp-page\" data-elementor-id=\"17676\" class=\"elementor elementor-17676\" data-elementor-post-type=\"page\">\n\t\t\t\t<div class=\"elementor-element elementor-element-a50921b e-flex e-con-boxed e-con e-parent\" data-id=\"a50921b\" data-element_type=\"container\">\n\t\t\t\t\t<div class=\"e-con-inner\">\n\t\t<div class=\"elementor-element elementor-element-149b51b e-con-full e-flex e-con e-child\" data-id=\"149b51b\" data-element_type=\"container\">\n\t\t<div class=\"elementor-element elementor-element-df18cae e-con-full e-flex e-con e-child\" data-id=\"df18cae\" data-element_type=\"container\">\n\t\t\t\t<div class=\"elementor-element elementor-element-73a9802 elementor-widget__width-inherit elementor-widget elementor-widget-heading\" data-id=\"73a9802\" data-element_type=\"widget\" data-widget_type=\"heading.default\">\n\t\t\t\t<div class=\"elementor-widget-container\">\n\t\t\t\t\t<p class=\"elementor-heading-title elementor-size-default\">Nuestros Valores<\/p>\t\t\t\t<\/div>\n\t\t\t\t<\/div>\n\t\t\t\t<\/div>\n\t\t<div class=\"elementor-element elementor-element-ace0e13 e-con-full e-flex e-con e-child\" data-id=\"ace0e13\" data-element_type=\"container\">\n\t\t\t\t<div class=\"elementor-element elementor-element-ae7782d elementor-widget__width-initial elementor-widget-mobile__width-auto elementor-widget elementor-widget-text-editor\" data-id=\"ae7782d\" data-element_type=\"widget\" data-widget_type=\"text-editor.default\">\n\t\t\t\t<div class=\"elementor-widget-container\">\n\t\t\t\t\t\t\t\t\t<p><span style=\"font-weight: 400;\">Nuestros valores son la br\u00fajula que gu\u00eda cada decisi\u00f3n, cada programa y cada conversaci\u00f3n que tenemos en el territorio. Representan nuestra manera de trabajar y la visi\u00f3n que compartimos con la comunidad.<\/span><\/p>\t\t\t\t\t\t\t\t<\/div>\n\t\t\t\t<\/div>\n\t\t\t\t<\/div>\n\t\t<div class=\"elementor-element elementor-element-da9f37c e-con-full e-flex e-con e-child\" data-id=\"da9f37c\" data-element_type=\"container\">\n\t\t\t\t<div class=\"elementor-element elementor-element-af30730 elementor-headline--style-highlight elementor-widget elementor-widget-animated-headline\" data-id=\"af30730\" data-element_type=\"widget\" data-settings=\"{&quot;marker&quot;:&quot;underline&quot;,&quot;highlighted_text&quot;:&quot;La Sabidur\\u00eda est\\u00e1 en la Comunidad&lt;br&gt;&quot;,&quot;headline_style&quot;:&quot;highlight&quot;,&quot;loop&quot;:&quot;yes&quot;,&quot;highlight_animation_duration&quot;:1200,&quot;highlight_iteration_delay&quot;:8000}\" data-widget_type=\"animated-headline.default\">\n\t\t\t\t<div class=\"elementor-widget-container\">\n\t\t\t\t\t\t\t<h3 class=\"elementor-headline\">\n\t\t\t\t<span class=\"elementor-headline-dynamic-wrapper elementor-headline-text-wrapper\">\n\t\t\t\t\t<span class=\"elementor-headline-dynamic-text elementor-headline-text-active\">La Sabidur\u00eda est\u00e1 en la Comunidad<br><\/span>\n\t\t\t\t<\/span>\n\t\t\t\t\t<span class=\"elementor-headline-plain-text elementor-headline-text-wrapper\"><br>Creemos que las personas saben mejor que nadie lo que necesitan para estar bien. Escuchamos, acompa\u00f1amos y construimos desde sus voces, sus saberes y sus sue\u00f1os.<\/span>\n\t\t\t\t\t<\/h3>\n\t\t\t\t\t\t<\/div>\n\t\t\t\t<\/div>\n\t\t\t\t<div class=\"elementor-element elementor-element-9ce1cb4 elementor-headline--style-highlight elementor-widget elementor-widget-animated-headline\" data-id=\"9ce1cb4\" data-element_type=\"widget\" data-settings=\"{&quot;highlighted_text&quot;:&quot;El camino importa tanto como el destino&quot;,&quot;headline_style&quot;:&quot;highlight&quot;,&quot;marker&quot;:&quot;circle&quot;,&quot;loop&quot;:&quot;yes&quot;,&quot;highlight_animation_duration&quot;:1200,&quot;highlight_iteration_delay&quot;:8000}\" data-widget_type=\"animated-headline.default\">\n\t\t\t\t<div class=\"elementor-widget-container\">\n\t\t\t\t\t\t\t<h3 class=\"elementor-headline\">\n\t\t\t\t<span class=\"elementor-headline-dynamic-wrapper elementor-headline-text-wrapper\">\n\t\t\t\t\t<span class=\"elementor-headline-dynamic-text elementor-headline-text-active\">El camino importa tanto como el destino<\/span>\n\t\t\t\t<\/span>\n\t\t\t\t\t<span class=\"elementor-headline-plain-text elementor-headline-text-wrapper\"><br>No medimos nuestro impacto solo en resultados: valoramos lo que se aprende, se vive y se transforma en cada paso del proceso. Los cambios profundos requieren tiempo, paciencia y continuidad.<\/span>\n\t\t\t\t\t<\/h3>\n\t\t\t\t\t\t<\/div>\n\t\t\t\t<\/div>\n\t\t\t\t<div class=\"elementor-element elementor-element-4ba1c60 elementor-headline--style-highlight elementor-widget elementor-widget-animated-headline\" data-id=\"4ba1c60\" data-element_type=\"widget\" data-settings=\"{&quot;marker&quot;:&quot;underline_zigzag&quot;,&quot;highlighted_text&quot;:&quot;La transparencia es confianza en acci\\u00f3n&quot;,&quot;headline_style&quot;:&quot;highlight&quot;,&quot;loop&quot;:&quot;yes&quot;,&quot;highlight_animation_duration&quot;:1200,&quot;highlight_iteration_delay&quot;:8000}\" data-widget_type=\"animated-headline.default\">\n\t\t\t\t<div class=\"elementor-widget-container\">\n\t\t\t\t\t\t\t<h3 class=\"elementor-headline\">\n\t\t\t\t<span class=\"elementor-headline-dynamic-wrapper elementor-headline-text-wrapper\">\n\t\t\t\t\t<span class=\"elementor-headline-dynamic-text elementor-headline-text-active\">La transparencia es confianza en acci\u00f3n<\/span>\n\t\t\t\t<\/span>\n\t\t\t\t\t<span class=\"elementor-headline-plain-text elementor-headline-text-wrapper\"><br>Actuamos con apertura y claridad. Cada paso est\u00e1 guiado por el compromiso de rendir cuentas y construir relaciones honestas y respetuosas con la comunidad y con nuestros aliados.<\/span>\n\t\t\t\t\t<\/h3>\n\t\t\t\t\t\t<\/div>\n\t\t\t\t<\/div>\n\t\t\t\t<div class=\"elementor-element elementor-element-2385078 elementor-headline--style-highlight elementor-widget elementor-widget-animated-headline\" data-id=\"2385078\" data-element_type=\"widget\" data-settings=\"{&quot;marker&quot;:&quot;underline&quot;,&quot;highlighted_text&quot;:&quot;Hacemos lo que decimos&quot;,&quot;headline_style&quot;:&quot;highlight&quot;,&quot;loop&quot;:&quot;yes&quot;,&quot;highlight_animation_duration&quot;:1200,&quot;highlight_iteration_delay&quot;:8000}\" data-widget_type=\"animated-headline.default\">\n\t\t\t\t<div class=\"elementor-widget-container\">\n\t\t\t\t\t\t\t<h3 class=\"elementor-headline\">\n\t\t\t\t<span class=\"elementor-headline-dynamic-wrapper elementor-headline-text-wrapper\">\n\t\t\t\t\t<span class=\"elementor-headline-dynamic-text elementor-headline-text-active\">Hacemos lo que decimos<\/span>\n\t\t\t\t<\/span>\n\t\t\t\t\t<span class=\"elementor-headline-plain-text elementor-headline-text-wrapper\"><br>La coherencia entre nuestras palabras y nuestras acciones es nuestra br\u00fajula. Creemos en la responsabilidad \u00e9tica y en honrar cada compromiso asumido.<\/span>\n\t\t\t\t\t<\/h3>\n\t\t\t\t\t\t<\/div>\n\t\t\t\t<\/div>\n\t\t\t\t<div class=\"elementor-element elementor-element-01f4273 elementor-headline--style-highlight elementor-widget elementor-widget-animated-headline\" data-id=\"01f4273\" data-element_type=\"widget\" data-settings=\"{&quot;highlighted_text&quot;:&quot;Crecemos Juntos&quot;,&quot;headline_style&quot;:&quot;highlight&quot;,&quot;marker&quot;:&quot;circle&quot;,&quot;loop&quot;:&quot;yes&quot;,&quot;highlight_animation_duration&quot;:1200,&quot;highlight_iteration_delay&quot;:8000}\" data-widget_type=\"animated-headline.default\">\n\t\t\t\t<div class=\"elementor-widget-container\">\n\t\t\t\t\t\t\t<h3 class=\"elementor-headline\">\n\t\t\t\t<span class=\"elementor-headline-dynamic-wrapper elementor-headline-text-wrapper\">\n\t\t\t\t\t<span class=\"elementor-headline-dynamic-text elementor-headline-text-active\">Crecemos Juntos<\/span>\n\t\t\t\t<\/span>\n\t\t\t\t\t<span class=\"elementor-headline-plain-text elementor-headline-text-wrapper\"><br>Trabajamos de la mano de los procesos comunitarios, fortaleciendo redes, colaboraciones y liderazgos locales que transforman el territorio desde adentro. El desarrollo sostenible florece cuando es colectivo.<\/span>\n\t\t\t\t\t<\/h3>\n\t\t\t\t\t\t<\/div>\n\t\t\t\t<\/div>\n\t\t\t\t<\/div>\n\t\t\t\t<\/div>\n\t\t\t\t\t<\/div>\n\t\t\t\t<\/div>\n\t\t<div class=\"elementor-element elementor-element-8b89994 e-flex e-con-boxed e-con e-parent\" data-id=\"8b89994\" data-element_type=\"container\">\n\t\t\t\t\t<div class=\"e-con-inner\">\n\t\t<div class=\"elementor-element elementor-element-fdfca9c e-con-full e-flex e-con e-child\" data-id=\"fdfca9c\" data-element_type=\"container\">\n\t\t\t\t<div class=\"elementor-element elementor-element-f60b772 elementor-align-right elementor-mobile-align-center elementor-widget__width-initial elementor-widget-mobile__width-initial elementor-hidden-mobile elementor-invisible elementor-widget elementor-widget-button\" data-id=\"f60b772\" data-element_type=\"widget\" data-settings=\"{&quot;_animation&quot;:&quot;fadeInRight&quot;,&quot;sticky&quot;:&quot;bottom&quot;,&quot;sticky_offset&quot;:130,&quot;sticky_offset_mobile&quot;:100,&quot;sticky_effects_offset_mobile&quot;:0,&quot;sticky_anchor_link_offset_mobile&quot;:0,&quot;sticky_on&quot;:[&quot;desktop&quot;,&quot;tablet&quot;,&quot;mobile&quot;],&quot;sticky_effects_offset&quot;:0,&quot;sticky_anchor_link_offset&quot;:0}\" data-widget_type=\"button.default\">\n\t\t\t\t<div class=\"elementor-widget-container\">\n\t\t\t\t\t\t\t\t\t<div class=\"elementor-button-wrapper\">\n\t\t\t\t\t<a class=\"elementor-button elementor-button-link elementor-size-sm elementor-animation-grow\" href=\"https:\/\/docs.google.com\/forms\/d\/e\/1FAIpQLSearWXcsSRqAi0qzSsl2f0G6C6mZ5GLugBYuE_xHUVAg9nqAw\/viewform\" target=\"_blank\" id=\"btn-donate\">\n\t\t\t\t\t\t<span class=\"elementor-button-content-wrapper\">\n\t\t\t\t\t\t\t\t\t<span class=\"elementor-button-text\">Dona<\/span>\n\t\t\t\t\t<\/span>\n\t\t\t\t\t<\/a>\n\t\t\t\t<\/div>\n\t\t\t\t\t\t\t\t<\/div>\n\t\t\t\t<\/div>\n\t\t\t\t<\/div>\n\t\t\t\t\t<\/div>\n\t\t\t\t<\/div>\n\t\t\t\t<\/div>\n\t\t","protected":false},"excerpt":{"rendered":"<p>Nuestros Valores Nuestros valores son la br\u00fajula que gu\u00eda cada decisi\u00f3n, cada programa y cada conversaci\u00f3n que tenemos en el territorio. Representan nuestra manera de trabajar y la visi\u00f3n que compartimos con la comunidad. La Sabidur\u00eda est\u00e1 en la Comunidad Creemos que las personas saben mejor que nadie lo que necesitan para estar bien. Escuchamos, [&hellip;]<\/p>\n","protected":false},"author":8,"featured_media":0,"parent":17622,"menu_order":0,"comment_status":"closed","ping_status":"closed","template":"","meta":{"site-sidebar-layout":"no-sidebar","site-content-layout":"page-builder","ast-site-content-layout":"full-width-container","site-content-style":"default","site-sidebar-style":"default","ast-global-header-display":"","ast-banner-title-visibility":"","ast-main-header-display":"","ast-hfb-above-header-display":"","ast-hfb-below-header-display":"","ast-hfb-mobile-header-display":"","site-post-title":"disabled","ast-breadcrumbs-content":"","ast-featured-img":"disabled","footer-sml-layout":"","theme-transparent-header-meta":"","adv-header-id-meta":"","stick-header-meta":"","header-above-stick-meta":"","header-main-stick-meta":"","header-below-stick-meta":"","astra-migrate-meta-layouts":"set","ast-page-background-enabled":"default","ast-page-background-meta":{"desktop":{"background-color":"var(--ast-global-color-4)","background-image":"","background-repeat":"repeat","background-position":"center center","background-size":"auto","background-attachment":"scroll","background-type":"","background-media":"","overlay-type":"","overlay-color":"","overlay-opacity":"","overlay-gradient":""},"tablet":{"background-color":"","background-image":"","background-repeat":"repeat","background-position":"center center","background-size":"auto","background-attachment":"scroll","background-type":"","background-media":"","overlay-type":"","overlay-color":"","overlay-opacity":"","overlay-gradient":""},"mobile":{"background-color":"","background-image":"","background-repeat":"repeat","background-position":"center center","background-size":"auto","background-attachment":"scroll","background-type":"","background-media":"","overlay-type":"","overlay-color":"","overlay-opacity":"","overlay-gradient":""}},"ast-content-background-meta":{"desktop":{"background-color":"var(--ast-global-color-5)","background-image":"","background-repeat":"repeat","background-position":"center center","background-size":"auto","background-attachment":"scroll","background-type":"","background-media":"","overlay-type":"","overlay-color":"","overlay-opacity":"","overlay-gradient":""},"tablet":{"background-color":"var(--ast-global-color-5)","background-image":"","background-repeat":"repeat","background-position":"center center","background-size":"auto","background-attachment":"scroll","background-type":"","background-media":"","overlay-type":"","overlay-color":"","overlay-opacity":"","overlay-gradient":""},"mobile":{"background-color":"var(--ast-global-color-5)","background-image":"","background-repeat":"repeat","background-position":"center center","background-size":"auto","background-attachment":"scroll","background-type":"","background-media":"","overlay-type":"","overlay-color":"","overlay-opacity":"","overlay-gradient":""}},"footnotes":""},"class_list":["post-17676","page","type-page","status-publish","hentry"],"yoast_head":"<!-- This site is optimized with the Yoast SEO plugin v25.5 - https:\/\/yoast.com\/wordpress\/plugins\/seo\/ -->\n<title>Nuestros Valores | FUNDACI\u00d3N DOS AGUAS<\/title>\n<meta name=\"robots\" content=\"index, follow, max-snippet:-1, max-image-preview:large, max-video-preview:-1\" \/>\n<link rel=\"canonical\" href=\"https:\/\/dosaguas.co\/es\/fundacion\/sobre-nosotros\/nuestros-valores\" \/>\n<meta property=\"og:locale\" content=\"es_ES\" \/>\n<meta property=\"og:type\" content=\"article\" \/>\n<meta property=\"og:title\" content=\"Nuestros Valores | FUNDACI\u00d3N DOS AGUAS\" \/>\n<meta property=\"og:description\" content=\"Nuestros Valores Nuestros valores son la br\u00fajula que gu\u00eda cada decisi\u00f3n, cada programa y cada conversaci\u00f3n que tenemos en el territorio. Representan nuestra manera de trabajar y la visi\u00f3n que compartimos con la comunidad. La Sabidur\u00eda est\u00e1 en la Comunidad Creemos que las personas saben mejor que nadie lo que necesitan para estar bien. Escuchamos, [&hellip;]\" \/>\n<meta property=\"og:url\" content=\"https:\/\/dosaguas.co\/es\/fundacion\/sobre-nosotros\/nuestros-valores\" \/>\n<meta property=\"og:site_name\" content=\"FUNDACI\u00d3N DOS AGUAS\" \/>\n<meta property=\"article:publisher\" content=\"https:\/\/web.facebook.com\/DosAguasLodge\/\" \/>\n<meta property=\"article:modified_time\" content=\"2026-03-03T20:44:38+00:00\" \/>\n<meta property=\"og:image\" content=\"https:\/\/dosaguas.co\/wp-content\/uploads\/2023\/02\/logo-dos-aguas-lodge-for-social-media.jpg\" \/>\n\t<meta property=\"og:image:width\" content=\"1200\" \/>\n\t<meta property=\"og:image:height\" content=\"675\" \/>\n\t<meta property=\"og:image:type\" content=\"image\/jpeg\" \/>\n<meta name=\"twitter:card\" content=\"summary_large_image\" \/>\n<meta name=\"twitter:label1\" content=\"Tiempo de lectura\" \/>\n\t<meta name=\"twitter:data1\" content=\"1 minuto\" \/>\n<script type=\"application\/ld+json\" class=\"yoast-schema-graph\">{\"@context\":\"https:\/\/schema.org\",\"@graph\":[{\"@type\":\"WebPage\",\"@id\":\"https:\/\/dosaguas.co\/es\/fundacion\/sobre-nosotros\/nuestros-valores\",\"url\":\"https:\/\/dosaguas.co\/es\/fundacion\/sobre-nosotros\/nuestros-valores\",\"name\":\"Nuestros Valores | FUNDACI\u00d3N DOS AGUAS\",\"isPartOf\":{\"@id\":\"\/#website\"},\"datePublished\":\"2025-12-02T17:54:58+00:00\",\"dateModified\":\"2026-03-03T20:44:38+00:00\",\"breadcrumb\":{\"@id\":\"https:\/\/dosaguas.co\/es\/fundacion\/sobre-nosotros\/nuestros-valores#breadcrumb\"},\"inLanguage\":\"es-CO\",\"potentialAction\":[{\"@type\":\"ReadAction\",\"target\":[\"https:\/\/dosaguas.co\/es\/fundacion\/sobre-nosotros\/nuestros-valores\"]}]},{\"@type\":\"BreadcrumbList\",\"@id\":\"https:\/\/dosaguas.co\/es\/fundacion\/sobre-nosotros\/nuestros-valores#breadcrumb\",\"itemListElement\":[{\"@type\":\"ListItem\",\"position\":1,\"name\":\"Inicio\",\"item\":\"https:\/\/dosaguas.co\/es\"},{\"@type\":\"ListItem\",\"position\":2,\"name\":\"Fundacion Dos Aguas\",\"item\":\"https:\/\/dosaguas.co\/es\/fundacion\"},{\"@type\":\"ListItem\",\"position\":3,\"name\":\"Sobre nosotros\",\"item\":\"https:\/\/dosaguas.co\/es\/fundacion\/sobre-nosotros\"},{\"@type\":\"ListItem\",\"position\":4,\"name\":\"Nuestros Valores\"}]},{\"@type\":\"WebSite\",\"@id\":\"\/#website\",\"url\":\"\/\",\"name\":\"FUNDACI\u00d3N DOS AGUAS\",\"description\":\"\",\"publisher\":{\"@id\":\"\/#organization\"},\"alternateName\":\"DOS AGUAS\",\"potentialAction\":[{\"@type\":\"SearchAction\",\"target\":{\"@type\":\"EntryPoint\",\"urlTemplate\":\"\/?s={search_term_string}\"},\"query-input\":{\"@type\":\"PropertyValueSpecification\",\"valueRequired\":true,\"valueName\":\"search_term_string\"}}],\"inLanguage\":\"es-CO\"},{\"@type\":\"Organization\",\"@id\":\"\/#organization\",\"name\":\"DOS AGUAS LODGE EN RINC\u00d3N DEL MAR\",\"alternateName\":\"DOS AGUAS\",\"url\":\"\/\",\"logo\":{\"@type\":\"ImageObject\",\"inLanguage\":\"es-CO\",\"@id\":\"\/#\/schema\/logo\/image\/\",\"url\":\"https:\/\/dosaguas.co\/wp-content\/uploads\/2023\/02\/logo-dos-aguas-lodge-website.jpg\",\"contentUrl\":\"https:\/\/dosaguas.co\/wp-content\/uploads\/2023\/02\/logo-dos-aguas-lodge-website.jpg\",\"width\":696,\"height\":696,\"caption\":\"DOS AGUAS LODGE EN RINC\u00d3N DEL MAR\"},\"image\":{\"@id\":\"\/#\/schema\/logo\/image\/\"},\"sameAs\":[\"https:\/\/web.facebook.com\/DosAguasLodge\/\",\"https:\/\/www.tripadvisor.co\/Hotel_Review-g10326747-d17323989-Reviews-Dos_Aguas_Lodge-Rincon_del_Mar_San_Onofre_Sucre_Department.html\",\"https:\/\/www.instagram.com\/dosaguaslodge\/\"]}]}<\/script>\n<!-- \/ Yoast SEO plugin. -->","yoast_head_json":{"title":"Nuestros Valores | FUNDACI\u00d3N DOS AGUAS","robots":{"index":"index","follow":"follow","max-snippet":"max-snippet:-1","max-image-preview":"max-image-preview:large","max-video-preview":"max-video-preview:-1"},"canonical":"https:\/\/dosaguas.co\/es\/fundacion\/sobre-nosotros\/nuestros-valores","og_locale":"es_ES","og_type":"article","og_title":"Nuestros Valores | FUNDACI\u00d3N DOS AGUAS","og_description":"Nuestros Valores Nuestros valores son la br\u00fajula que gu\u00eda cada decisi\u00f3n, cada programa y cada conversaci\u00f3n que tenemos en el territorio. Representan nuestra manera de trabajar y la visi\u00f3n que compartimos con la comunidad. La Sabidur\u00eda est\u00e1 en la Comunidad Creemos que las personas saben mejor que nadie lo que necesitan para estar bien. Escuchamos, [&hellip;]","og_url":"https:\/\/dosaguas.co\/es\/fundacion\/sobre-nosotros\/nuestros-valores","og_site_name":"FUNDACI\u00d3N DOS AGUAS","article_publisher":"https:\/\/web.facebook.com\/DosAguasLodge\/","article_modified_time":"2026-03-03T20:44:38+00:00","og_image":[{"width":1200,"height":675,"url":"https:\/\/dosaguas.co\/wp-content\/uploads\/2023\/02\/logo-dos-aguas-lodge-for-social-media.jpg","type":"image\/jpeg"}],"twitter_card":"summary_large_image","twitter_misc":{"Tiempo de lectura":"1 minuto"},"schema":{"@context":"https:\/\/schema.org","@graph":[{"@type":"WebPage","@id":"https:\/\/dosaguas.co\/es\/fundacion\/sobre-nosotros\/nuestros-valores","url":"https:\/\/dosaguas.co\/es\/fundacion\/sobre-nosotros\/nuestros-valores","name":"Nuestros Valores | FUNDACI\u00d3N DOS AGUAS","isPartOf":{"@id":"\/#website"},"datePublished":"2025-12-02T17:54:58+00:00","dateModified":"2026-03-03T20:44:38+00:00","breadcrumb":{"@id":"https:\/\/dosaguas.co\/es\/fundacion\/sobre-nosotros\/nuestros-valores#breadcrumb"},"inLanguage":"es-CO","potentialAction":[{"@type":"ReadAction","target":["https:\/\/dosaguas.co\/es\/fundacion\/sobre-nosotros\/nuestros-valores"]}]},{"@type":"BreadcrumbList","@id":"https:\/\/dosaguas.co\/es\/fundacion\/sobre-nosotros\/nuestros-valores#breadcrumb","itemListElement":[{"@type":"ListItem","position":1,"name":"Inicio","item":"https:\/\/dosaguas.co\/es"},{"@type":"ListItem","position":2,"name":"Fundacion Dos Aguas","item":"https:\/\/dosaguas.co\/es\/fundacion"},{"@type":"ListItem","position":3,"name":"Sobre nosotros","item":"https:\/\/dosaguas.co\/es\/fundacion\/sobre-nosotros"},{"@type":"ListItem","position":4,"name":"Nuestros Valores"}]},{"@type":"WebSite","@id":"\/#website","url":"\/","name":"FUNDACI\u00d3N DOS AGUAS","description":"","publisher":{"@id":"\/#organization"},"alternateName":"DOS AGUAS","potentialAction":[{"@type":"SearchAction","target":{"@type":"EntryPoint","urlTemplate":"\/?s={search_term_string}"},"query-input":{"@type":"PropertyValueSpecification","valueRequired":true,"valueName":"search_term_string"}}],"inLanguage":"es-CO"},{"@type":"Organization","@id":"\/#organization","name":"DOS AGUAS LODGE EN RINC\u00d3N DEL MAR","alternateName":"DOS AGUAS","url":"\/","logo":{"@type":"ImageObject","inLanguage":"es-CO","@id":"\/#\/schema\/logo\/image\/","url":"https:\/\/dosaguas.co\/wp-content\/uploads\/2023\/02\/logo-dos-aguas-lodge-website.jpg","contentUrl":"https:\/\/dosaguas.co\/wp-content\/uploads\/2023\/02\/logo-dos-aguas-lodge-website.jpg","width":696,"height":696,"caption":"DOS AGUAS LODGE EN RINC\u00d3N DEL MAR"},"image":{"@id":"\/#\/schema\/logo\/image\/"},"sameAs":["https:\/\/web.facebook.com\/DosAguasLodge\/","https:\/\/www.tripadvisor.co\/Hotel_Review-g10326747-d17323989-Reviews-Dos_Aguas_Lodge-Rincon_del_Mar_San_Onofre_Sucre_Department.html","https:\/\/www.instagram.com\/dosaguaslodge\/"]}]}},"_links":{"self":[{"href":"https:\/\/dosaguas.co\/es\/wp-json\/wp\/v2\/pages\/17676","targetHints":{"allow":["GET"]}}],"collection":[{"href":"https:\/\/dosaguas.co\/es\/wp-json\/wp\/v2\/pages"}],"about":[{"href":"https:\/\/dosaguas.co\/es\/wp-json\/wp\/v2\/types\/page"}],"author":[{"embeddable":true,"href":"https:\/\/dosaguas.co\/es\/wp-json\/wp\/v2\/users\/8"}],"replies":[{"embeddable":true,"href":"https:\/\/dosaguas.co\/es\/wp-json\/wp\/v2\/comments?post=17676"}],"version-history":[{"count":14,"href":"https:\/\/dosaguas.co\/es\/wp-json\/wp\/v2\/pages\/17676\/revisions"}],"predecessor-version":[{"id":18430,"href":"https:\/\/dosaguas.co\/es\/wp-json\/wp\/v2\/pages\/17676\/revisions\/18430"}],"up":[{"embeddable":true,"href":"https:\/\/dosaguas.co\/es\/wp-json\/wp\/v2\/pages\/17622"}],"wp:attachment":[{"href":"https:\/\/dosaguas.co\/es\/wp-json\/wp\/v2\/media?parent=17676"}],"curies":[{"name":"wp","href":"https:\/\/api.w.org\/{rel}","templated":true}]}}